{"id":1215,"date":"2016-11-10T15:46:09","date_gmt":"2016-11-10T14:46:09","guid":{"rendered":"http:\/\/cvp.arth-online.ch\/?page_id=6"},"modified":"2025-11-05T18:14:05","modified_gmt":"2025-11-05T17:14:05","slug":"home","status":"publish","type":"page","link":"https:\/\/www.arth-online.ch\/cvp\/","title":{"rendered":"Home"},"content":{"rendered":"<p><img loading=\"lazy\" decoding=\"async\" src=\"http:\/\/www.arth-online.ch\/cvp\/wp-content\/uploads\/sites\/6\/2016\/11\/mensch_im_mittelpunkt.jpg\" alt=\"mensch_im_mittelpunkt\" width=\"608\" height=\"210\" class=\"alignnone size-full wp-image-52\" srcset=\"https:\/\/www.arth-online.ch\/cvp\/wp-content\/uploads\/sites\/6\/2016\/11\/mensch_im_mittelpunkt.jpg 608w, https:\/\/www.arth-online.ch\/cvp\/wp-content\/uploads\/sites\/6\/2016\/11\/mensch_im_mittelpunkt-300x104.jpg 300w\" sizes=\"auto, (max-width: 709px) 85vw, (max-width: 909px) 67vw, (max-width: 984px) 61vw, (max-width: 1362px) 45vw, 600px\" \/><\/p>\n\n<!-- NOTE: If you need to make changes to this file, copy it to your current theme's main\n\tdirectory so your changes won't be overwritten when the plugin is upgraded. -->\n\n<!-- Post Wrap Start-->\n<div class=\"post hentry ivycat-post\">\n\n\t<!-- \tThis outputs the post TITLE -->\n\t<h1 class=\"entry-title\"><a href=\"https:\/\/www.arth-online.ch\/cvp\/nein-zum-raubzug-auf-die-hohen-vermoegen\/\">Nein zum Raubzug auf die hohen Verm\u00f6gen<\/a><\/h2>\n\n\t<!-- \tThis outputs the post EXCERPT.  To display full content including images and html,\n\t\treplace the_excerpt(); with the_content();  below. -->\n\t<div class=\"entry-contetnt\">\n\t\t<p>Am 30.11.2025 ist \u00fcber zwei eidg. Vorlagen und \u00fcber zwei kommunale Vorlagen abzustim-men. Die Mitte Arth-Oberarth-Goldau empfiehlt die Ablehnung der eidg. Vorlagen und die Annahme der kommunalen Vorlagen. Service-citoyen-Initiative Gem\u00e4ss der Volksinitiative f\u00fcr eine engagierte Schweiz soll jeder junge Mensch in der Schweiz einen Einsatz f\u00fcr die Gemeinschaft und f\u00fcr die Umwelt leisten. Diese von &hellip; <a href=\"https:\/\/www.arth-online.ch\/cvp\/nein-zum-raubzug-auf-die-hohen-vermoegen\/\" class=\"more-link\"><span class=\"screen-reader-text\">\u201eNein zum Raubzug auf die hohen Verm\u00f6gen\u201c <\/span>weiterlesen<\/a><\/p>\n\t<\/div>\n\n\t<!--\tThis outputs the post META information -->\n\t<div class=\"entry-utility\">\n\t\t\t\t\t<span class=\"cat-links\">\n\t\t\t\t<span class=\"entry-utility-prep entry-utility-prep-cat-links\">Kategorie(n):<\/span> <a href=\"https:\/\/www.arth-online.ch\/cvp\/category\/abstimmungsempfehlungen\/\" rel=\"category tag\">Abstimmungsempfehlungen<\/a>\t\t\t<\/span>\n\t\t\t<span class=\"meta-sep\"><\/span>\n\t\t\t\t\t\t<!--<span class=\"comments-link\">\n\t\t\t<span>Kommentare deaktiviert<span class=\"screen-reader-text\"> f\u00fcr Nein zum Raubzug auf die hohen Verm\u00f6gen<\/span><\/span>\t\t<\/span>-->\n\t\t\t<\/div>\n<\/div>\n<!-- \/\/ Post Wrap End -->\n\n","protected":false},"excerpt":{"rendered":"","protected":false},"author":1,"featured_media":0,"parent":0,"menu_order":0,"comment_status":"closed","ping_status":"closed","template":"","meta":{"ngg_post_thumbnail":0,"footnotes":""},"class_list":["post-1215","page","type-page","status-publish","hentry"],"_links":{"self":[{"href":"https:\/\/www.arth-online.ch\/cvp\/wp-json\/wp\/v2\/pages\/1215","targetHints":{"allow":["GET"]}}],"collection":[{"href":"https:\/\/www.arth-online.ch\/cvp\/wp-json\/wp\/v2\/pages"}],"about":[{"href":"https:\/\/www.arth-online.ch\/cvp\/wp-json\/wp\/v2\/types\/page"}],"author":[{"embeddable":true,"href":"https:\/\/www.arth-online.ch\/cvp\/wp-json\/wp\/v2\/users\/1"}],"replies":[{"embeddable":true,"href":"https:\/\/www.arth-online.ch\/cvp\/wp-json\/wp\/v2\/comments?post=1215"}],"version-history":[{"count":36,"href":"https:\/\/www.arth-online.ch\/cvp\/wp-json\/wp\/v2\/pages\/1215\/revisions"}],"predecessor-version":[{"id":1798,"href":"https:\/\/www.arth-online.ch\/cvp\/wp-json\/wp\/v2\/pages\/1215\/revisions\/1798"}],"wp:attachment":[{"href":"https:\/\/www.arth-online.ch\/cvp\/wp-json\/wp\/v2\/media?parent=1215"}],"curies":[{"name":"wp","href":"https:\/\/api.w.org\/{rel}","templated":true}]}}