{"id":6625,"date":"2025-09-02T18:06:52","date_gmt":"2025-09-02T16:06:52","guid":{"rendered":"https:\/\/www.arth-online.ch\/svp\/?page_id=6625"},"modified":"2025-09-02T18:11:21","modified_gmt":"2025-09-02T16:11:21","slug":"abstimmung-28-september-2025","status":"publish","type":"page","link":"http:\/\/www.arth-online.ch\/svp\/abstimmungen\/abstimmungen-2025\/abstimmung-28-september-2025\/","title":{"rendered":"Abstimmung 28. September 2025"},"content":{"rendered":"<h2>Bund<\/h2>\n<ol>\n<li><strong style=\"background-color: Green; color: white;\">JA<\/strong> zur Abschaffung des Eigenmietwertes<br \/>\n<br \/>\nIn der Abstimmungsvorlage geht es zwar um die Einf\u00fchrung einer kantonalen Liegenschaftssteuer f\u00fcr Zweitwohnungen, doch ist die Vorlage an das Bundesgesetz \u00fcber den Systemwechsel der Wohneigentumsbesteuerung gekoppelt. Die Annahme der Vorlage zur Liegenschaftssteuer bedeutet somit gleichzeitig die Abschaffung des Eigenmietwerts. Wohneigent\u00fcmer zahlen heute Steuern auf ein fiktives Einkommen. Das bestraft besonders Familien, \u00e4ltere Menschen und alle, die Wohneigentum anstreben oder erben. Wer Schulden macht, wird belohnt \u2013 wer sie bezahlt, wird benachteiligt. Die Eigenmietwert-Steuer geh\u00f6rt abgeschafft. Die Reform ist ausgewogen und fair: Der Eigenmietwert wird abgeschafft, im Gegenzug entfallen Abz\u00fcge f\u00fcr Unterhalt und Hypozinsen weitgehend. Ersterwerber profitieren, und Kantone k\u00f6nnen Zweitwohnungen eigenst\u00e4ndig besteuern \u2013 angepasst an ihre Bed\u00fcrfnisse. So wird Wohnen insgesamt entlastet und gerechter besteuert. Eine echte Chance f\u00fcr eine faire Eigentumsbesteuerung.\n<\/li>\n<p><\/p>\n<li><strong style=\"background-color: Red; color: white;\">NEIN<\/strong> zum neuen E-ID-Gesetz<br \/>\n<br \/>\nDie Privatsph\u00e4re ist ein wesentlicher Teil einer freien Gesellschaft. Die Privatsph\u00e4re sch\u00fctzt die Autonomie von B\u00fcrgerinnen und B\u00fcrgern und f\u00f6rdert die freie Meinungs\u00e4usserung, unabh\u00e4ngiges Denken sowie den Mut zur politischen Teilhabe. Das neue E-ID-Gesetz wiederholt die Fehler von 2021, als die Schweizer Bev\u00f6lkerung eine unsichere E-ID prim\u00e4r ablehnte. Das E-ID-Gesetz bietet keine sichere Datenschutz-Standards. Es benutzt zwar Schlagw\u00f6rter aus der Datenschutz-Sprache, garantiert aber nichts. Unternehmen k\u00f6nnen mittels der E-ID beliebig Daten sammeln, verkn\u00fcpfen, analysieren und daraus Verhaltensprofile der B\u00fcrgerinnen und B\u00fcrger anfertigen. Diese k\u00f6nnen f\u00fcr Werbezwecke oder politische Beeinflussung benutzt werden. Damit unterl\u00e4uft das Gesetz die Privatsph\u00e4re der Menschen und gef\u00e4hrdet ihre demokratischen Freiheiten.\n<\/li>\n<\/ol>\n<h2>Kanton<\/h2>\n<ul>\n<li><strong style=\"background-color: Red; color: white;\">NEIN<\/strong> zur Teilrevision Personal- und Besoldungsgesetz<br \/>\n<br \/>\nWer m\u00f6chte nicht gerne am Monatsende mehr im Portemonnaie haben? Die meisten von uns w\u00fcrden das sicher begr\u00fcssen. Doch bei der Diskussion um eine Erh\u00f6hung der Einstiegsgeh\u00e4lter f\u00fcr Lehrerinnen und Lehrer fehlt die n\u00f6tige Weitsicht. Nat\u00fcrlich ist es wichtig, den Lehrerberuf attraktiver zu machen \u2013 aber h\u00f6here L\u00f6hne allein sind keine L\u00f6sung. Solange wir nicht anerkennen, dass unser integratives Schulsystem in vielen Bereichen kaum \u00fcberwindbare Herausforderungen hat, bringen finanzielle Anreize nur begrenzt etwas. Die eigentlichen Probleme liegen anders. Viele Kinder kommen in den Kindergarten oder in die Primarschule mit unzureichenden Deutschkenntnissen. Zudem sind Lehrpersonen zunehmend mit viel zu vielen administrativen Aufgaben belastet. Beides wirkt sich negativ auf die Unterrichtszeiten und die Qualit\u00e4t des Unterrichts aus. Wir m\u00f6chten keinesfalls die Arbeit der Lehrkr\u00e4fte schm\u00e4lern oder ihnen Faulheit unterstellen. Im Gegenteil: Wir sch\u00e4tzen ihren Einsatz sehr. Deshalb ist es umso wichtiger, die Arbeitsbedingungen gezielt zu verbessern, damit die Kernaufgaben des Unterrichtens wieder im Mittelpunkt stehen. So hat die SVP im Kantonsrat ein Postulat eingereicht, das solide Deutschkenntnisse im Kindergarten und in der Primarschule fordert. Solche Massnahmen entlasten die Lehrkr\u00e4fte im Alltag und machen den Beruf langfristig attraktiver. Das Problem des Lehrermangels liegt nicht prim\u00e4r am Lohn, denn auch in den Kantonen Zug, Luzern und Z\u00fcrich herrscht Lehrermangel trotz h\u00f6herer Entl\u00f6hnung. Aus all diesen Gr\u00fcnden empfehlen wir die Ablehnung der Teilrevision.<\/li>\n<\/ul>\n<h2>Bezirk<\/h2>\n<h2>Gemeinde<\/h2>\n","protected":false},"excerpt":{"rendered":"<p>Bund JA zur Abschaffung des Eigenmietwertes In der Abstimmungsvorlage geht es zwar um die Einf\u00fchrung einer kantonalen Liegenschaftssteuer f\u00fcr Zweitwohnungen, doch ist die Vorlage an das Bundesgesetz \u00fcber den Systemwechsel &hellip; <a href=\"http:\/\/www.arth-online.ch\/svp\/abstimmungen\/abstimmungen-2025\/abstimmung-28-september-2025\/\" class=\"more-link\"><span class=\"screen-reader-text\">\u201eAbstimmung 28. September 2025\u201c <\/span>weiterlesen<\/a><\/p>\n","protected":false},"author":1,"featured_media":0,"parent":6611,"menu_order":0,"comment_status":"closed","ping_status":"closed","template":"","meta":{"ngg_post_thumbnail":0,"footnotes":"","_links_to":"","_links_to_target":""},"class_list":["post-6625","page","type-page","status-publish","hentry"],"distributor_meta":false,"distributor_terms":false,"distributor_media":false,"distributor_original_site_name":"SVP Arth-Oberarth-Goldau","distributor_original_site_url":"http:\/\/www.arth-online.ch\/svp","push-errors":false,"_links":{"self":[{"href":"http:\/\/www.arth-online.ch\/svp\/wp-json\/wp\/v2\/pages\/6625","targetHints":{"allow":["GET"]}}],"collection":[{"href":"http:\/\/www.arth-online.ch\/svp\/wp-json\/wp\/v2\/pages"}],"about":[{"href":"http:\/\/www.arth-online.ch\/svp\/wp-json\/wp\/v2\/types\/page"}],"author":[{"embeddable":true,"href":"http:\/\/www.arth-online.ch\/svp\/wp-json\/wp\/v2\/users\/1"}],"replies":[{"embeddable":true,"href":"http:\/\/www.arth-online.ch\/svp\/wp-json\/wp\/v2\/comments?post=6625"}],"version-history":[{"count":3,"href":"http:\/\/www.arth-online.ch\/svp\/wp-json\/wp\/v2\/pages\/6625\/revisions"}],"predecessor-version":[{"id":6628,"href":"http:\/\/www.arth-online.ch\/svp\/wp-json\/wp\/v2\/pages\/6625\/revisions\/6628"}],"up":[{"embeddable":true,"href":"http:\/\/www.arth-online.ch\/svp\/wp-json\/wp\/v2\/pages\/6611"}],"wp:attachment":[{"href":"http:\/\/www.arth-online.ch\/svp\/wp-json\/wp\/v2\/media?parent=6625"}],"curies":[{"name":"wp","href":"https:\/\/api.w.org\/{rel}","templated":true}]}}